{"id":567,"date":"2024-04-01T12:08:55","date_gmt":"2024-04-01T16:08:55","guid":{"rendered":"https:\/\/www.albatrosgatineaulalievre.org\/?page_id=567"},"modified":"2025-04-23T12:06:02","modified_gmt":"2025-04-23T16:06:02","slug":"historique","status":"publish","type":"page","link":"https:\/\/www.albatrosgatineaulalievre.org\/index.php\/historique\/","title":{"rendered":"Historique"},"content":{"rendered":"<h1>Historique<\/h1>\n<h2>Nos origines<\/h2>\n\n\n<div class=\"wp-block-media-text is-stacked-on-mobile\" style=\"grid-template-columns:25% auto\"><figure class=\"wp-block-media-text__media\"><img fetchpriority=\"high\" decoding=\"async\" width=\"298\" height=\"359\" src=\"https:\/\/www.albatrosgatineaulalievre.org\/wp-content\/uploads\/2024\/04\/Perl-Berg-1.png\" alt=\"Soeur Pearl Berg\" class=\"wp-image-571 size-full\" srcset=\"https:\/\/www.albatrosgatineaulalievre.org\/wp-content\/uploads\/2024\/04\/Perl-Berg-1.png 298w, https:\/\/www.albatrosgatineaulalievre.org\/wp-content\/uploads\/2024\/04\/Perl-Berg-1-249x300.png 249w\" sizes=\"(max-width: 298px) 100vw, 298px\" \/><\/figure><div class=\"wp-block-media-text__content\">\n<p class=\"has-medium-font-size\">Le Mouvement Albatros a pris naissance \u00e0 Trois-Rivi\u00e8res en novembre 1980. Soeur Pearl Berg, Ursuline, infirmi\u00e8re de carri\u00e8re, prend conscience de l\u2019isolement des malades en soins palliatifs. \u00c0 une \u00e9tape de leur vie o\u00f9 ils sont plus vuln\u00e9rables, ils manquent d\u2019accompagnement, d\u2019une pr\u00e9sence humaine et attentive \u00e0 leurs c\u00f4t\u00e9s, qui saura les \u00e9couter et les soutenir sans les juger.<\/p>\n\n\n\n<p class=\"has-medium-font-size\">Pour r\u00e9pondre \u00e0 ce besoin profond\u00e9ment humain, Sr&nbsp;Pearl a b\u00e2ti un programme de formation pour former les intervenants \u00e0 mieux accompagner les personnes ayant re\u00e7u un diagnostic de maladie grave et pour aider leurs proches \u00e0 vivre cette r\u00e9alit\u00e9 plus sereinement.<\/p>\n\n\n\n<p> <\/p>\n<\/div><\/div>\n\n\n\n<p>  <\/p>\n\n\n\n<div class=\"wp-block-media-text has-media-on-the-right is-stacked-on-mobile has-background has-large-font-size\" style=\"background-color:#182f6c;grid-template-columns:auto 46%\"><div class=\"wp-block-media-text__content\">\n<p class=\"has-white-color has-text-color has-background has-link-color has-medium-font-size\" style=\"background-color: #182f6c; text-align: center;\">L&rsquo;organisme <strong>Albatros Gatineau &#8211; La Li\u00e8vre <\/strong>a vu le jour en d\u00e9cembre 2013. Nous nous sommes enregistr\u00e9s comme organisme de bienfaisance en f\u00e9vrier 2014 sous le nom :<br \/>Albatros Gatineau &#8211; La Li\u00e8vre.<\/p>\n<\/div><figure class=\"wp-block-media-text__media\"><img decoding=\"async\" width=\"900\" height=\"329\" src=\"https:\/\/www.albatrosgatineaulalievre.org\/wp-content\/uploads\/2024\/10\/2024-logo-groupe-inverse-bleu-couleur-lien.png\" alt=\"\" class=\"wp-image-2003 size-full\" srcset=\"https:\/\/www.albatrosgatineaulalievre.org\/wp-content\/uploads\/2024\/10\/2024-logo-groupe-inverse-bleu-couleur-lien.png 900w, https:\/\/www.albatrosgatineaulalievre.org\/wp-content\/uploads\/2024\/10\/2024-logo-groupe-inverse-bleu-couleur-lien-300x110.png 300w, https:\/\/www.albatrosgatineaulalievre.org\/wp-content\/uploads\/2024\/10\/2024-logo-groupe-inverse-bleu-couleur-lien-768x281.png 768w\" sizes=\"(max-width: 900px) 100vw, 900px\" \/><\/figure><\/div>\n\n\n\n<p> <\/p>\n\n\n\n<div class=\"wp-block-media-text is-stacked-on-mobile has-vivid-cyan-blue-background-color has-background\"><figure class=\"wp-block-media-text__media\"><img decoding=\"async\" width=\"770\" height=\"625\" src=\"https:\/\/www.albatrosgatineaulalievre.org\/wp-content\/uploads\/2024\/06\/2012-2013-cohorte.png\" alt=\"\" class=\"wp-image-1710 size-full\" srcset=\"https:\/\/www.albatrosgatineaulalievre.org\/wp-content\/uploads\/2024\/06\/2012-2013-cohorte.png 770w, https:\/\/www.albatrosgatineaulalievre.org\/wp-content\/uploads\/2024\/06\/2012-2013-cohorte-300x244.png 300w, https:\/\/www.albatrosgatineaulalievre.org\/wp-content\/uploads\/2024\/06\/2012-2013-cohorte-768x623.png 768w\" sizes=\"(max-width: 770px) 100vw, 770px\" \/><\/figure><div class=\"wp-block-media-text__content\">\n<p class=\"has-white-color has-text-color has-link-color has-medium-font-size wp-elements-d4beb64f49e33bb851be1627d37ff451\">En juin 2012, pour \u00eatre de bonnes accompagnantes aupr\u00e8s des personnes malades autour d\u2019eux, Marie-Claire Bourassa, Christiane Bourassa, Carmen Bourassa-Carri\u00e8re et Louise Charette ont pris la formation d\u2019accompagnement en soins palliatifs et en fin de vie de 36h qu\u2019offrait S\u0153ur Pauline Thiffault, Ward O\u2019Connor, \u00c9milie Martin et Roger Philiatrault \u00e0 Mont-Laurier.\u00a0<br><br>Quelques mois plus tard, pour donner suite aux besoins criants de la population soit \u00e0 domicile, dans les CHSLD et h\u00f4pitaux, vint l\u2019id\u00e9e de fonder une maison en soins palliatifs dans le secteur de Buckingham et ses environs et ainsi avoir recours aux nouveaux b\u00e9n\u00e9voles d\u2019Albatros qu\u2019elles formeraient. Tout un d\u00e9fi!<\/p>\n<\/div><\/div>\n\n\n\n<div class=\"wp-block-group has-white-color has-vivid-cyan-blue-background-color has-text-color has-background has-link-color wp-elements-3a79140e36a2efa6ef1efd7af869d961 is-layout-constrained wp-block-group-is-layout-constrained\"><div class=\"wp-block-group__inner-container\">\n<div class=\"wp-block-group has-white-color has-text-color has-link-color wp-elements-54fe4702f5281c791cce246c961f32db is-layout-constrained wp-block-group-is-layout-constrained\"><div class=\"wp-block-group__inner-container\">\n<div class=\"wp-block-group is-layout-constrained wp-block-group-is-layout-constrained\"><div class=\"wp-block-group__inner-container\">\n<div class=\"wp-block-group has-white-color has-text-color has-link-color wp-elements-56b944af102a908bf4c37907093c38e0 is-layout-constrained wp-block-group-is-layout-constrained\"><div class=\"wp-block-group__inner-container\">\n<div class=\"wp-block-columns is-layout-flex wp-container-core-columns-layout-1 wp-block-columns-is-layout-flex\">\n<div class=\"wp-block-column has-vivid-cyan-blue-background-color has-background is-layout-flow wp-block-column-is-layout-flow\" style=\"flex-basis:10%\"><\/div>\n\n\n\n<div class=\"wp-block-column is-layout-flow wp-block-column-is-layout-flow\" style=\"flex-basis:100%\">\n<p class=\"has-white-color has-text-color has-link-color has-medium-font-size\">La r\u00e9alit\u00e9 de l\u2019implication, des responsabilit\u00e9s, de l\u2019investissement autant en temps qu\u2019en argent de ces deux gros projets, les a frapp\u00e9es. \u00c0 la suite d\u2019un consensus des membres fondateurs, les \u00e9nergies se sont concentr\u00e9es sur la fondation de l\u2019organisme Albatros Gatineau &#8211; La Li\u00e8vre pour r\u00e9pondre plus rapidement aux besoins de la communaut\u00e9.<\/p>\n\n\n\n<p class=\"has-white-color has-text-color has-link-color has-medium-font-size\">Il a m\u00eame \u00e9t\u00e9 question qu\u2019elles joignent les organismes de la Haute-Gatineau \u00e0 un certain moment, mais elles ont d\u00e9cid\u00e9 d\u2019\u00eatre enti\u00e8rement autonome.<\/p>\n\n\n\n<p class=\"has-white-color has-text-color has-link-color has-medium-font-size\">Gr\u00e2ce \u00e0 M. Ward et Mme Isabelle O\u2019Connor d\u2019Albatros Maniwaki et de leurs g\u00e9n\u00e9rosit\u00e9s, leurs grandes comp\u00e9tences du fonctionnement du Mouvement Albatros ayant d\u00e9j\u00e0 plus de 10 ans d\u2019exp\u00e9rience dans leurs secteurs ainsi que leurs patiences et bienveillances, ils ont r\u00e9ussi \u00e0 rassembler les renseignements n\u00e9cessaires afin de former un comit\u00e9 provisoire et cr\u00e9er notre nouvel organisme en obtenant un num\u00e9ro d\u2019entreprise et d\u2019OBNL Revenu Canada et Qu\u00e9bec en 2013.<\/p>\n\n\n\n<p class=\"has-white-color has-text-color has-link-color has-medium-font-size\">En 2014, Louise Angers, notre pr\u00e9sidente sortante, qui de son c\u00f4t\u00e9 a suivi la m\u00eame formation \u00e0 Maniwaki, profond\u00e9ment inspir\u00e9e, d\u00e8s cet instant elle a su que l\u2019accompagnement en soins palliatifs et fin de vie ferait dor\u00e9navant parti de sa mission de vie. Cependant, elle a vite fait de constater que faire deux heures de route pour le faire \u00e9tait inconcevable et excessif. Les valeurs que soutenaient le Mouvement Albatros l\u2019interpelaient beaucoup. \u00c0 l\u2019automne de cette m\u00eame ann\u00e9e, Maniwaki offrait un colloque sur la fin de vie et des gens de partout au Qu\u00e9bec s\u2019y rencontraient. Quelle belle fin de semaine qui a permis \u00e0 Louise de rencontrer Marie-Claire\u2026<\/p>\n\n\n\n<p class=\"has-white-color has-text-color has-link-color has-medium-font-size\">Elles se sont investies c\u0153ur et \u00e2me dans le nouveau groupe. Tout en examinant la formation de 36h existante, elles l\u2019ont mis \u00e0 leurs mains pour l\u2019offrir aux futurs formateurs et aux nouveaux b\u00e9n\u00e9voles, elles l\u2019ont offert \u00e0 la population, milieu de la sant\u00e9 \u00e9galement pour aider les proches-aidants, les familles, etc&#8230; Elles ont aussi fait de l\u2019accompagnement de gens en fin de vie car il y avait beaucoup de demandes de la part des instances en soins de sant\u00e9 de tout le grand Gatineau. Nous avons fait la diff\u00e9rence dans les foyers des gens en les amenant \u00e0 apprivoiser la mort, \u00e0 bien comprendre les soins palliatifs et la fin de vie, comment accompagner des personnes aux prises avec des d\u00e9ficits cognitifs et leurs proches, en offrant du r\u00e9pit aux proches aidants et comment accompagner des personnes \u00e0 leur dernier souffle et soutenir leurs proches avec bienveillance et bientraitance.<\/p>\n\n\n\n<p class=\"has-white-color has-text-color has-link-color has-medium-font-size\">Plusieurs belles ann\u00e9es d\u2019accompagnement empreint d\u2019\u00e9coute empathique non directive, de bienveillance, d\u2019amour inconditionnelle, de respect, sans discrimination, inclusives des diff\u00e9rences et choix de vie de chacun(e) et de l\u2019autonomie de la personne accompagn\u00e9e.<\/p>\n<\/div>\n\n\n\n<div class=\"wp-block-column has-vivid-cyan-blue-background-color has-background is-layout-flow wp-block-column-is-layout-flow\" style=\"flex-basis:5%\"><\/div>\n<\/div>\n<\/div><\/div>\n<\/div><\/div>\n<\/div><\/div>\n<\/div><\/div>\n\n\n\n<div class=\"wp-block-media-text is-stacked-on-mobile has-background\" style=\"background-color:#b3cec7;grid-template-columns:49% auto\"><figure class=\"wp-block-media-text__media\"><img loading=\"lazy\" decoding=\"async\" width=\"669\" height=\"266\" src=\"https:\/\/www.albatrosgatineaulalievre.org\/wp-content\/uploads\/2024\/04\/Mouvement-Albatros-2.png\" alt=\"F\u00e9d\u00e9ration du Mouvement Albatros du Qu\u00e9bec\" class=\"wp-image-596 size-full\" srcset=\"https:\/\/www.albatrosgatineaulalievre.org\/wp-content\/uploads\/2024\/04\/Mouvement-Albatros-2.png 669w, https:\/\/www.albatrosgatineaulalievre.org\/wp-content\/uploads\/2024\/04\/Mouvement-Albatros-2-300x119.png 300w\" sizes=\"(max-width: 669px) 100vw, 669px\" \/><\/figure><div class=\"wp-block-media-text__content\">\n<p class=\"has-medium-font-size\">Le mouvement Albatros existe depuis les ann\u00e9es 1980 \u00e0 travers le Qu\u00e9bec. Il y a plus de 15 organismes autonomes et plus de 1100 membres. soutenus et accompagn\u00e9s par la&nbsp;<a href=\"http:\/\/mouvementalbatros.org\/\" target=\"_blank\" rel=\"noreferrer noopener\">F\u00e9d\u00e9ration du Mouvement Albatros du Qu\u00e9bec<\/a>.<\/p>\n<\/div><\/div>\n\n\n\n<p><\/p>\n\n\n\n<p><\/p>\n","protected":false},"excerpt":{"rendered":"<p>Historique Nos origines Le Mouvement Albatros a pris naissance \u00e0 Trois-Rivi\u00e8res en novembre 1980. Soeur Pearl Berg, Ursuline, infirmi\u00e8re de carri\u00e8re, prend conscience de l\u2019isolement des malades en soins palliatifs. \u00c0 une \u00e9tape de leur vie o\u00f9 ils sont plus vuln\u00e9rables, ils manquent d\u2019accompagnement, d\u2019une pr\u00e9sence humaine et attentive \u00e0 leurs c\u00f4t\u00e9s, qui saura les [&hellip;]<\/p>\n","protected":false},"author":2,"featured_media":0,"parent":0,"menu_order":0,"comment_status":"closed","ping_status":"closed","template":"","meta":{"ocean_post_layout":"","ocean_both_sidebars_style":"","ocean_both_sidebars_content_width":0,"ocean_both_sidebars_sidebars_width":0,"ocean_sidebar":"","ocean_second_sidebar":"","ocean_disable_margins":"enable","ocean_add_body_class":"","ocean_shortcode_before_top_bar":"","ocean_shortcode_after_top_bar":"","ocean_shortcode_before_header":"","ocean_shortcode_after_header":"","ocean_has_shortcode":"","ocean_shortcode_after_title":"","ocean_shortcode_before_footer_widgets":"","ocean_shortcode_after_footer_widgets":"","ocean_shortcode_before_footer_bottom":"","ocean_shortcode_after_footer_bottom":"","ocean_display_top_bar":"default","ocean_display_header":"default","ocean_header_style":"","ocean_center_header_left_menu":"","ocean_custom_header_template":"","ocean_custom_logo":0,"ocean_custom_retina_logo":0,"ocean_custom_logo_max_width":0,"ocean_custom_logo_tablet_max_width":0,"ocean_custom_logo_mobile_max_width":0,"ocean_custom_logo_max_height":0,"ocean_custom_logo_tablet_max_height":0,"ocean_custom_logo_mobile_max_height":0,"ocean_header_custom_menu":"","ocean_menu_typo_font_family":"","ocean_menu_typo_font_subset":"","ocean_menu_typo_font_size":0,"ocean_menu_typo_font_size_tablet":0,"ocean_menu_typo_font_size_mobile":0,"ocean_menu_typo_font_size_unit":"px","ocean_menu_typo_font_weight":"","ocean_menu_typo_font_weight_tablet":"","ocean_menu_typo_font_weight_mobile":"","ocean_menu_typo_transform":"","ocean_menu_typo_transform_tablet":"","ocean_menu_typo_transform_mobile":"","ocean_menu_typo_line_height":0,"ocean_menu_typo_line_height_tablet":0,"ocean_menu_typo_line_height_mobile":0,"ocean_menu_typo_line_height_unit":"","ocean_menu_typo_spacing":0,"ocean_menu_typo_spacing_tablet":0,"ocean_menu_typo_spacing_mobile":0,"ocean_menu_typo_spacing_unit":"","ocean_menu_link_color":"","ocean_menu_link_color_hover":"","ocean_menu_link_color_active":"","ocean_menu_link_background":"","ocean_menu_link_hover_background":"","ocean_menu_link_active_background":"","ocean_menu_social_links_bg":"","ocean_menu_social_hover_links_bg":"","ocean_menu_social_links_color":"","ocean_menu_social_hover_links_color":"","ocean_disable_title":"default","ocean_disable_heading":"default","ocean_post_title":"","ocean_post_subheading":"","ocean_post_title_style":"","ocean_post_title_background_color":"","ocean_post_title_background":0,"ocean_post_title_bg_image_position":"","ocean_post_title_bg_image_attachment":"","ocean_post_title_bg_image_repeat":"","ocean_post_title_bg_image_size":"","ocean_post_title_height":0,"ocean_post_title_bg_overlay":0.5,"ocean_post_title_bg_overlay_color":"","ocean_disable_breadcrumbs":"default","ocean_breadcrumbs_color":"","ocean_breadcrumbs_separator_color":"","ocean_breadcrumbs_links_color":"","ocean_breadcrumbs_links_hover_color":"","ocean_display_footer_widgets":"default","ocean_display_footer_bottom":"default","ocean_custom_footer_template":"","footnotes":""},"_links":{"self":[{"href":"https:\/\/www.albatrosgatineaulalievre.org\/index.php\/wp-json\/wp\/v2\/pages\/567"}],"collection":[{"href":"https:\/\/www.albatrosgatineaulalievre.org\/index.php\/wp-json\/wp\/v2\/pages"}],"about":[{"href":"https:\/\/www.albatrosgatineaulalievre.org\/index.php\/wp-json\/wp\/v2\/types\/page"}],"author":[{"embeddable":true,"href":"https:\/\/www.albatrosgatineaulalievre.org\/index.php\/wp-json\/wp\/v2\/users\/2"}],"replies":[{"embeddable":true,"href":"https:\/\/www.albatrosgatineaulalievre.org\/index.php\/wp-json\/wp\/v2\/comments?post=567"}],"version-history":[{"count":54,"href":"https:\/\/www.albatrosgatineaulalievre.org\/index.php\/wp-json\/wp\/v2\/pages\/567\/revisions"}],"predecessor-version":[{"id":2268,"href":"https:\/\/www.albatrosgatineaulalievre.org\/index.php\/wp-json\/wp\/v2\/pages\/567\/revisions\/2268"}],"wp:attachment":[{"href":"https:\/\/www.albatrosgatineaulalievre.org\/index.php\/wp-json\/wp\/v2\/media?parent=567"}],"curies":[{"name":"wp","href":"https:\/\/api.w.org\/{rel}","templated":true}]}}