{"id":614,"date":"2024-04-01T15:11:33","date_gmt":"2024-04-01T19:11:33","guid":{"rendered":"https:\/\/www.albatrosgatineaulalievre.org\/?page_id=614"},"modified":"2025-03-05T12:37:59","modified_gmt":"2025-03-05T16:37:59","slug":"nos-valeurs","status":"publish","type":"page","link":"https:\/\/www.albatrosgatineaulalievre.org\/index.php\/nos-valeurs\/","title":{"rendered":"Nos valeurs"},"content":{"rendered":"<h1>Nos valeurs<\/h1>\n\n\n<figure class=\"wp-block-image size-full\"><img fetchpriority=\"high\" decoding=\"async\" width=\"940\" height=\"674\" src=\"https:\/\/www.albatrosgatineaulalievre.org\/wp-content\/uploads\/2025\/03\/2025-valeurs-et-ethiques.png\" alt=\"\" class=\"wp-image-2200\" srcset=\"https:\/\/www.albatrosgatineaulalievre.org\/wp-content\/uploads\/2025\/03\/2025-valeurs-et-ethiques.png 940w, https:\/\/www.albatrosgatineaulalievre.org\/wp-content\/uploads\/2025\/03\/2025-valeurs-et-ethiques-300x215.png 300w, https:\/\/www.albatrosgatineaulalievre.org\/wp-content\/uploads\/2025\/03\/2025-valeurs-et-ethiques-768x551.png 768w\" sizes=\"(max-width: 940px) 100vw, 940px\" \/><\/figure>\n\n\n\n<p class=\"has-small-font-size\">Des gens de c\u0153ur, les membres et le personnel d\u2019Albatros Gatineau &#8211; La Li\u00e8vre s\u2019engagent au respect des valeurs qui sont propres au Mouvement Albatros du Qu\u00e9bec :<\/p>\n\n\n\n<div class=\"wp-block-group is-vertical is-layout-flex wp-container-core-group-layout-2 wp-block-group-is-layout-flex\">\n<div class=\"wp-block-group has-medium-font-size is-layout-constrained wp-block-group-is-layout-constrained\"><div class=\"wp-block-group__inner-container\">\n<p class=\"has-small-font-size\"><strong>Dignit\u00e9 et respect de la personne<\/strong><\/p>\n\n\n\n<ul>\n<li class=\"has-small-font-size\">Le b\u00e9n\u00e9vole accueille la personne malade et ses proches avec courtoisie, dans le respect de ce qui conf\u00e8re un sens \u00e0 leur existence, leurs valeurs, leur culture, leurs croyances, leurs pratiques religieuses, leurs coutumes et leur mode de vie. <\/li>\n\n\n\n<li class=\"has-small-font-size\">Le b\u00e9n\u00e9vole s\u2019abstient de toute forme de discrimination relativement au statut social, au diagnostic, \u00e0 l\u2019ethnie, \u00e0 la religion, au sexe, \u00e0 l\u2019orientation sexuelle, \u00e0 la culture, \u00e0 l\u2019\u00e2ge ainsi qu\u2019aux capacit\u00e9s intellectuelles et physiques de la personne malade et de ses proches. <\/li>\n\n\n\n<li class=\"has-small-font-size\">Le b\u00e9n\u00e9vole agit avec compassion, ouverture d\u2019esprit et chaleur humaine. Il d\u00e9montre son sens des responsabilit\u00e9s et fait preuve de d\u00e9vouement, tout en respectant une distance juste et saine. <\/li>\n\n\n\n<li class=\"has-small-font-size\">Le b\u00e9n\u00e9vole assure le respect de la personne tout au long de son accompagnement, m\u00eame apr\u00e8s le d\u00e9c\u00e8s de la personne malade. <\/li>\n<\/ul>\n\n\n\n<p class=\"has-small-font-size\"><strong>Inviolabilit\u00e9 et confidentialit\u00e9<\/strong><\/p>\n\n\n\n<ul class=\"has-small-font-size\">\n<li class=\"has-small-font-size\">Le b\u00e9n\u00e9vole est tenu au respect du secret professionnel. Il ne divulgue aucun renseignement personnel ou quelque information re\u00e7us dans l\u2019exercice de ses fonctions, sauf s\u2019il est autoris\u00e9 \u00e0 le faire.<\/li>\n\n\n\n<li class=\"has-small-font-size\">Le b\u00e9n\u00e9vole est tenu au respect de la vie priv\u00e9e de la personne malade et de ses proches Il doit faire preuve de discr\u00e9tion.<\/li>\n\n\n\n<li class=\"has-small-font-size\">Le b\u00e9n\u00e9vole est tenu au respect du bien d\u2019autrui et fait preuve d\u2019honn\u00eatet\u00e9 et d\u2019int\u00e9grit\u00e9 en tout temps.<\/li>\n\n\n\n<li class=\"has-small-font-size\">Il ne peut accepter de la personne malade ou de ses proches quelques dons ou avantages que ce soit, par testament ou autrement.<\/li>\n<\/ul>\n\n\n\n<p class=\"has-small-font-size\"><strong>Respect de l\u2019autonomie<\/strong><\/p>\n\n\n\n<ul>\n<li class=\"has-small-font-size\">Le b\u00e9n\u00e9vole favorise l\u2019autonomie et tout ce qui permet le cheminement et le d\u00e9veloppement int\u00e9gral de la personne malade et de ses proches.<\/li>\n\n\n\n<li class=\"has-small-font-size\">Le b\u00e9n\u00e9vole est sujet aux dispositions l\u00e9gislatives pertinentes (<strong>Loi concernant les soins de fin de vie<\/strong>, Qu\u00e9bec 2014 et <strong>Loi relative au cadre sur les soins palliatifs au Canada<\/strong>, Canada 2017).<\/li>\n\n\n\n<li class=\"has-small-font-size\">Le b\u00e9n\u00e9vole favorise, dans les limites de ses fonctions, la participation de la personne malade et de ses proches dans les choix et les d\u00e9cisions \u00e0 prendre, selon leurs valeurs et leurs croyances<\/li>\n<\/ul>\n\n\n\n<p class=\"has-small-font-size\"><strong>Engagement et solidarit\u00e9<\/strong><\/p>\n\n\n\n<ul>\n<li class=\"has-small-font-size\">Le b\u00e9n\u00e9vole adh\u00e8re \u00e0 la mission et \u00e0 la philosophie de l\u2019organisme qu\u2019il sert&nbsp;<\/li>\n\n\n\n<li class=\"has-small-font-size\">Le b\u00e9n\u00e9vole est fid\u00e8le dans son engagement envers l\u2019organisme, la personne malade et ses proches.<\/li>\n\n\n\n<li class=\"has-small-font-size\">Le b\u00e9n\u00e9vole ne peut profiter de sa situation pour promouvoir ses int\u00e9r\u00eats personnels ou rechercher des fins autres que celles propres \u00e0 l\u2019organisme et \u00e0 sa mission.<\/li>\n\n\n\n<li class=\"has-small-font-size\">Selon les exigences de l\u2019organisme, le b\u00e9n\u00e9vole doit participer aux activit\u00e9s de formation continue et de ressourcement ainsi qu\u2019aux rencontres des b\u00e9n\u00e9voles.<\/li>\n\n\n\n<li class=\"has-small-font-size\">Dans un contexte d\u2019interdisciplinarit\u00e9, le b\u00e9n\u00e9vole conna\u00eet la sp\u00e9cificit\u00e9 de son r\u00f4le, accomplit ses fonctions dans le cadre et les limites pr\u00e9vues par l\u2019organisme, respecte les t\u00e2ches d\u00e9volues aux autres membres de l\u2019\u00e9quipe, conna\u00eet les ressources disponibles et sait s\u2019adresser \u00e0 l\u2019intervenant appropri\u00e9 le cas \u00e9ch\u00e9ant.<\/li>\n<\/ul>\n\n\n\n<figure class=\"wp-block-image size-large\"><img decoding=\"async\" width=\"1024\" height=\"476\" src=\"https:\/\/www.albatrosgatineaulalievre.org\/wp-content\/uploads\/2024\/04\/valeurs-nuage-de-mots-1-1024x476.png\" alt=\"\" class=\"wp-image-1439\" srcset=\"https:\/\/www.albatrosgatineaulalievre.org\/wp-content\/uploads\/2024\/04\/valeurs-nuage-de-mots-1-1024x476.png 1024w, https:\/\/www.albatrosgatineaulalievre.org\/wp-content\/uploads\/2024\/04\/valeurs-nuage-de-mots-1-300x139.png 300w, https:\/\/www.albatrosgatineaulalievre.org\/wp-content\/uploads\/2024\/04\/valeurs-nuage-de-mots-1-768x357.png 768w, https:\/\/www.albatrosgatineaulalievre.org\/wp-content\/uploads\/2024\/04\/valeurs-nuage-de-mots-1.png 1115w\" sizes=\"(max-width: 1024px) 100vw, 1024px\" \/><\/figure>\n\n\n\n<figure class=\"wp-block-image size-large is-resized\"><img decoding=\"async\" width=\"1024\" height=\"202\" src=\"https:\/\/www.albatrosgatineaulalievre.org\/wp-content\/uploads\/2024\/03\/filigrame-1024x202.png\" alt=\"\" class=\"wp-image-494\" style=\"width:524px;height:auto\" srcset=\"https:\/\/www.albatrosgatineaulalievre.org\/wp-content\/uploads\/2024\/03\/filigrame-1024x202.png 1024w, https:\/\/www.albatrosgatineaulalievre.org\/wp-content\/uploads\/2024\/03\/filigrame-300x59.png 300w, https:\/\/www.albatrosgatineaulalievre.org\/wp-content\/uploads\/2024\/03\/filigrame-768x152.png 768w, https:\/\/www.albatrosgatineaulalievre.org\/wp-content\/uploads\/2024\/03\/filigrame.png 1328w\" sizes=\"(max-width: 1024px) 100vw, 1024px\" \/><\/figure>\n\n\n\n<p class=\"has-small-font-size\"><strong>Cliquez le lien suivant pour t\u00e9l\u00e9charger le code d&rsquo;\u00e9thique du Mouvement Albatros en PDF :<\/strong><\/p>\n\n\n\n<div class=\"wp-block-file\">\n<p class=\"has-small-font-size\"><strong>&nbsp;&nbsp;&nbsp;&nbsp;&nbsp;<a id=\"wp-block-file--media-d66eca6d-0dda-4ddb-bef5-5bc964e08c87\" href=\"https:\/\/www.albatrosgatineaulalievre.org\/wp-content\/uploads\/2024\/06\/BEN-005-Code-d-ethique-Albatros.pdf\" target=\"_blank\" rel=\"noopener\">Code d&rsquo;\u00e9thique du Mouvement Albatros<\/a><\/strong><\/p>\n<\/div>\n\n\n\n<p class=\"has-small-font-size\"><strong>Cliquez le lien suivant pour t\u00e9l\u00e9charger la Charte des droits des personnes gravement malades en soins palliatifs et en fin de vie en PNG :<\/strong><\/p>\n\n\n\n<div class=\"wp-block-file\"><p class=\"has-small-font-size\"><strong>\n&nbsp;&nbsp;&nbsp;&nbsp;&nbsp;<a id=\"wp-block-file--media-a713fab3-9207-4ba7-9f3f-395bd9440c20\" href=\"https:\/\/www.albatrosgatineaulalievre.org\/wp-content\/uploads\/2025\/03\/2025-Charte-des-droits.png\" target=\"_blank\" rel=\"noopener\">Charte des droits<\/a><\/strong><\/p><\/div>\n\n\n\n<p class=\"has-small-font-size\"><strong>Cliquez le lien suivant pour t\u00e9l\u00e9charger la liste des 6 conditions favorisant la bientraitance envers les personnes a\u00een\u00e9es en PDF :<\/strong><\/p>\n\n\n\n<div class=\"wp-block-file\"><p class=\"has-small-font-size\"><strong>&nbsp;&nbsp;&nbsp;&nbsp;&nbsp;<a id=\"wp-block-file--media-6068d40f-69a8-406f-b4ee-d3d68b6b1df4\" href=\"https:\/\/www.albatrosgatineaulalievre.org\/wp-content\/uploads\/2024\/07\/les-6-conditions-favorisant-la-bientraitance-envers-les-personnes-ainees.pdf\" target=\"_blank\" rel=\"noopener\">Les 6 conditions favorisant la bientraitance envers les personnes a\u00een\u00e9es<\/a><\/strong><\/p><\/div>\n\n\n\n<p class=\"has-small-font-size\"><strong>Cliquez le lien suivant pour t\u00e9l\u00e9charger la chartre de la bientraitance envers les personnes LGBTQ+2 en PDF :<\/strong><\/p>\n<\/div><\/div>\n<\/div>\n\n\n<div class=\"wp-block-image\">\n<figure class=\"alignleft size-full\"><img loading=\"lazy\" decoding=\"async\" width=\"83\" height=\"69\" src=\"https:\/\/www.albatrosgatineaulalievre.org\/wp-content\/uploads\/2024\/04\/Allie-LGBTQ-v2-petit.png\" alt=\"Alli\u00e9 des LGBTQ+2\" class=\"wp-image-1402\"\/><\/figure><\/div>\n\n\n<p class=\"has-small-font-size\"><strong><a href=\"https:\/\/www.albatrosgatineaulalievre.org\/wp-content\/uploads\/2024\/06\/Charte-de-la-bientraitance-envers-LGBTQ-1.pdf\" target=\"_blank\" rel=\"noreferrer noopener\">Charte de la bientraitance envers les LGBTQ+2<\/a><\/strong><\/p>\n\n\n\n<p><\/p>\n","protected":false},"excerpt":{"rendered":"<p>Nos valeurs Des gens de c\u0153ur, les membres et le personnel d\u2019Albatros Gatineau &#8211; La Li\u00e8vre s\u2019engagent au respect des valeurs qui sont propres au Mouvement Albatros du Qu\u00e9bec : Dignit\u00e9 et respect de la personne Inviolabilit\u00e9 et confidentialit\u00e9 Respect de l\u2019autonomie Engagement et solidarit\u00e9 Cliquez le lien suivant pour t\u00e9l\u00e9charger le code d&rsquo;\u00e9thique du [&hellip;]<\/p>\n","protected":false},"author":2,"featured_media":0,"parent":0,"menu_order":0,"comment_status":"closed","ping_status":"closed","template":"","meta":{"ocean_post_layout":"","ocean_both_sidebars_style":"","ocean_both_sidebars_content_width":0,"ocean_both_sidebars_sidebars_width":0,"ocean_sidebar":"","ocean_second_sidebar":"","ocean_disable_margins":"enable","ocean_add_body_class":"","ocean_shortcode_before_top_bar":"","ocean_shortcode_after_top_bar":"","ocean_shortcode_before_header":"","ocean_shortcode_after_header":"","ocean_has_shortcode":"","ocean_shortcode_after_title":"","ocean_shortcode_before_footer_widgets":"","ocean_shortcode_after_footer_widgets":"","ocean_shortcode_before_footer_bottom":"","ocean_shortcode_after_footer_bottom":"","ocean_display_top_bar":"default","ocean_display_header":"default","ocean_header_style":"","ocean_center_header_left_menu":"","ocean_custom_header_template":"","ocean_custom_logo":0,"ocean_custom_retina_logo":0,"ocean_custom_logo_max_width":0,"ocean_custom_logo_tablet_max_width":0,"ocean_custom_logo_mobile_max_width":0,"ocean_custom_logo_max_height":0,"ocean_custom_logo_tablet_max_height":0,"ocean_custom_logo_mobile_max_height":0,"ocean_header_custom_menu":"","ocean_menu_typo_font_family":"","ocean_menu_typo_font_subset":"","ocean_menu_typo_font_size":0,"ocean_menu_typo_font_size_tablet":0,"ocean_menu_typo_font_size_mobile":0,"ocean_menu_typo_font_size_unit":"px","ocean_menu_typo_font_weight":"","ocean_menu_typo_font_weight_tablet":"","ocean_menu_typo_font_weight_mobile":"","ocean_menu_typo_transform":"","ocean_menu_typo_transform_tablet":"","ocean_menu_typo_transform_mobile":"","ocean_menu_typo_line_height":0,"ocean_menu_typo_line_height_tablet":0,"ocean_menu_typo_line_height_mobile":0,"ocean_menu_typo_line_height_unit":"","ocean_menu_typo_spacing":0,"ocean_menu_typo_spacing_tablet":0,"ocean_menu_typo_spacing_mobile":0,"ocean_menu_typo_spacing_unit":"","ocean_menu_link_color":"","ocean_menu_link_color_hover":"","ocean_menu_link_color_active":"","ocean_menu_link_background":"","ocean_menu_link_hover_background":"","ocean_menu_link_active_background":"","ocean_menu_social_links_bg":"","ocean_menu_social_hover_links_bg":"","ocean_menu_social_links_color":"","ocean_menu_social_hover_links_color":"","ocean_disable_title":"default","ocean_disable_heading":"default","ocean_post_title":"","ocean_post_subheading":"","ocean_post_title_style":"","ocean_post_title_background_color":"","ocean_post_title_background":0,"ocean_post_title_bg_image_position":"","ocean_post_title_bg_image_attachment":"","ocean_post_title_bg_image_repeat":"","ocean_post_title_bg_image_size":"","ocean_post_title_height":0,"ocean_post_title_bg_overlay":0.5,"ocean_post_title_bg_overlay_color":"","ocean_disable_breadcrumbs":"default","ocean_breadcrumbs_color":"","ocean_breadcrumbs_separator_color":"","ocean_breadcrumbs_links_color":"","ocean_breadcrumbs_links_hover_color":"","ocean_display_footer_widgets":"default","ocean_display_footer_bottom":"default","ocean_custom_footer_template":"","footnotes":""},"_links":{"self":[{"href":"https:\/\/www.albatrosgatineaulalievre.org\/index.php\/wp-json\/wp\/v2\/pages\/614"}],"collection":[{"href":"https:\/\/www.albatrosgatineaulalievre.org\/index.php\/wp-json\/wp\/v2\/pages"}],"about":[{"href":"https:\/\/www.albatrosgatineaulalievre.org\/index.php\/wp-json\/wp\/v2\/types\/page"}],"author":[{"embeddable":true,"href":"https:\/\/www.albatrosgatineaulalievre.org\/index.php\/wp-json\/wp\/v2\/users\/2"}],"replies":[{"embeddable":true,"href":"https:\/\/www.albatrosgatineaulalievre.org\/index.php\/wp-json\/wp\/v2\/comments?post=614"}],"version-history":[{"count":53,"href":"https:\/\/www.albatrosgatineaulalievre.org\/index.php\/wp-json\/wp\/v2\/pages\/614\/revisions"}],"predecessor-version":[{"id":2218,"href":"https:\/\/www.albatrosgatineaulalievre.org\/index.php\/wp-json\/wp\/v2\/pages\/614\/revisions\/2218"}],"wp:attachment":[{"href":"https:\/\/www.albatrosgatineaulalievre.org\/index.php\/wp-json\/wp\/v2\/media?parent=614"}],"curies":[{"name":"wp","href":"https:\/\/api.w.org\/{rel}","templated":true}]}}